{"id":387,"date":"2021-08-13T05:05:29","date_gmt":"2021-08-13T05:05:29","guid":{"rendered":"https:\/\/www.sablone.fr\/1\/?post_type=product&#038;p=387"},"modified":"2021-09-04T05:54:58","modified_gmt":"2021-09-04T05:54:58","slug":"terra-led-2447w-noir-hdmi-greenline-plus","status":"publish","type":"product","link":"http:\/\/www.sablone.fr\/1\/produit\/terra-led-2447w-noir-hdmi-greenline-plus\/","title":{"rendered":"TERRA LED 2447W noir HDMI GREENLINE PLUS"},"content":{"rendered":"<table id=\"ctl00_ctl00_ctl00_SiteContent_SiteContent_SiteContent_articleFeatureDisplayDetails_gridViewProductAttributes\" class=\"table table-condensed\" border=\"0\" cellspacing=\"0\">\n<tbody>\n<tr>\n<td class=\"col-xs-3\"><\/td>\n<td><strong>\u00c9cran<\/strong><\/td>\n<\/tr>\n<tr>\n<td class=\"col-xs-3\">Taille de l&rsquo;\u00e9cran<\/td>\n<td>23.6 \u00ab\u00a0<\/td>\n<\/tr>\n<tr>\n<td class=\"col-xs-3\">Diagonale d&rsquo;\u00e9cran (cm)<\/td>\n<td>59.9 cm<\/td>\n<\/tr>\n<tr>\n<td class=\"col-xs-3\">R\u00e9solution de l&rsquo;\u00e9cran<\/td>\n<td>1920 x 1080 Pixel (Full-HD)<\/td>\n<\/tr>\n<tr>\n<td class=\"col-xs-3\">Luminosit\u00e9 de l&rsquo;\u00e9cran<\/td>\n<td>250 cd\/m\u00b2<\/td>\n<\/tr>\n<tr>\n<td class=\"col-xs-3\">Temps de r\u00e9ponse<\/td>\n<td>5 ms (Overdrive) ms<\/td>\n<\/tr>\n<tr>\n<td class=\"col-xs-3\">Angle d&rsquo;inclinaison<\/td>\n<td>20\u00b0 5\u00b0<\/td>\n<\/tr>\n<tr>\n<td class=\"col-xs-3\">Surface d&rsquo;affichage<\/td>\n<td>Oui<\/td>\n<\/tr>\n<tr>\n<td class=\"col-xs-3\">Nombre de couleurs affich\u00e9es<\/td>\n<td>16,7 millions<\/td>\n<\/tr>\n<tr>\n<td class=\"col-xs-3\">Pas de pixel<\/td>\n<td>0.2715 mm<\/td>\n<\/tr>\n<tr>\n<td class=\"col-xs-3\">Taux de contraste<\/td>\n<td>30.000.000:1 (DCR)<\/td>\n<\/tr>\n<tr>\n<td class=\"col-xs-3\">Angle de vision horizontal<\/td>\n<td>178 \u00b0<\/td>\n<\/tr>\n<tr>\n<td class=\"col-xs-3\">Angle de vision vertical<\/td>\n<td>178 \u00b0<\/td>\n<\/tr>\n<tr>\n<td class=\"col-xs-3\">Format d&rsquo;image<\/td>\n<td>16:9<\/td>\n<\/tr>\n<tr>\n<td class=\"col-xs-3\">\u00c9cran tactile<\/td>\n<td>Non<\/td>\n<\/tr>\n<tr>\n<td class=\"col-xs-3\">Type de r\u00e9tro<\/td>\n<td>R\u00e9tro\u00e9clairage LED<\/td>\n<\/tr>\n<tr>\n<td class=\"col-xs-3\">\u00c9cran<\/td>\n<td>MVA<\/td>\n<\/tr>\n<tr>\n<td class=\"col-xs-3\"><\/td>\n<td><strong>Connectivit\u00e9<\/strong><\/td>\n<\/tr>\n<tr>\n<td class=\"col-xs-3\">Sortie casque audio<\/td>\n<td>Oui<\/td>\n<\/tr>\n<tr>\n<td class=\"col-xs-3\">Interface<\/td>\n<td>DVI HDMI<\/td>\n<\/tr>\n<tr>\n<td class=\"col-xs-3\">Entr\u00e9e audio PC<\/td>\n<td>3.5 mm (Line In)<\/td>\n<\/tr>\n<tr>\n<td class=\"col-xs-3\">HDCP<\/td>\n<td>Oui<\/td>\n<\/tr>\n<tr>\n<td class=\"col-xs-3\"><\/td>\n<td><strong>Design<\/strong><\/td>\n<\/tr>\n<tr>\n<td class=\"col-xs-3\">Couleur du produit<\/td>\n<td>Noir mat<\/td>\n<\/tr>\n<tr>\n<td class=\"col-xs-3\"><\/td>\n<td><strong>Poids et dimensions<\/strong><\/td>\n<\/tr>\n<tr>\n<td class=\"col-xs-3\">Hauteur (support inclus)<\/td>\n<td>40.6 cm<\/td>\n<\/tr>\n<tr>\n<td class=\"col-xs-3\">Largeur (support inclus)<\/td>\n<td>54.8 cm<\/td>\n<\/tr>\n<tr>\n<td class=\"col-xs-3\">Profondeur (support inclus)<\/td>\n<td>21.0 cm<\/td>\n<\/tr>\n<tr>\n<td class=\"col-xs-3\">Poids (support inclus)<\/td>\n<td>3.2 kg<\/td>\n<\/tr>\n<tr>\n<td class=\"col-xs-3\">Hauteur<\/td>\n<td>32.4 cm<\/td>\n<\/tr>\n<tr>\n<td class=\"col-xs-3\">Largeur<\/td>\n<td>54.8 cm<\/td>\n<\/tr>\n<tr>\n<td class=\"col-xs-3\">Profondeur<\/td>\n<td>4.1 cm<\/td>\n<\/tr>\n<tr>\n<td class=\"col-xs-3\">Poids<\/td>\n<td>2.9 kg<\/td>\n<\/tr>\n<tr>\n<td class=\"col-xs-3\"><\/td>\n<td><strong>Puissance<\/strong><\/td>\n<\/tr>\n<tr>\n<td class=\"col-xs-3\">Consommation \u00e9lectrique (arr\u00eat)<\/td>\n<td>&lt; 0.5 W<\/td>\n<\/tr>\n<tr>\n<td class=\"col-xs-3\">Consommation d&rsquo;\u00e9nergie (mode veille)<\/td>\n<td>&lt; 0.5 W<\/td>\n<\/tr>\n<tr>\n<td class=\"col-xs-3\">Classe d&rsquo;efficacit\u00e9 \u00e9nerg\u00e9tique<\/td>\n<td>D<\/td>\n<\/tr>\n<tr>\n<td class=\"col-xs-3\">Puissance nominale<\/td>\n<td>14 W<\/td>\n<\/tr>\n<tr>\n<td class=\"col-xs-3\">Tension d&rsquo;entr\u00e9e AC<\/td>\n<td>100-240 V, 50-60 Hz<\/td>\n<\/tr>\n<tr>\n<td class=\"col-xs-3\">Emplacement d&rsquo;alimentation<\/td>\n<td>Interne<\/td>\n<\/tr>\n<tr>\n<td class=\"col-xs-3\"><\/td>\n<td><strong>Ergonomie<\/strong><\/td>\n<\/tr>\n<tr>\n<td class=\"col-xs-3\">Port de c\u00e2ble antivol<\/td>\n<td>Oui<\/td>\n<\/tr>\n<tr>\n<td class=\"col-xs-3\">R\u00e9glage de la hauteur<\/td>\n<td>Non<\/td>\n<\/tr>\n<tr>\n<td class=\"col-xs-3\">Pivot<\/td>\n<td>Non<\/td>\n<\/tr>\n<tr>\n<td class=\"col-xs-3\">Norme VESA<\/td>\n<td>100&#215;100<\/td>\n<\/tr>\n<tr>\n<td class=\"col-xs-3\">Plug and Play<\/td>\n<td>DDC 1 \/ 2B \/ CI<\/td>\n<\/tr>\n<tr>\n<td class=\"col-xs-3\"><\/td>\n<td><strong>Certificat<\/strong><\/td>\n<\/tr>\n<tr>\n<td class=\"col-xs-3\">Conformit\u00e9 aux standards industriels<\/td>\n<td>CE<\/td>\n<\/tr>\n<tr>\n<td class=\"col-xs-3\">Certifi\u00e9 Energy Star<\/td>\n<td>Oui<\/td>\n<\/tr>\n<tr>\n<td class=\"col-xs-3\"><\/td>\n<td><strong>Autres caract\u00e9ristiques<\/strong><\/td>\n<\/tr>\n<tr>\n<td class=\"col-xs-3\">Caract\u00e9ristiques sp\u00e9ciales<\/td>\n<td>\u2022 Technologie de dalle MVA<br \/>\n\u2022 R\u00e9tro\u00e9clairage LED (flicker-free)<br \/>\n\u2022 Peut \u00eatre utilis\u00e9 avec plusieurs PCs (1x DVI, 1x HDMI, changement par combinaison de touches)<\/td>\n<\/tr>\n<tr>\n<td class=\"col-xs-3\"><\/td>\n<td><strong>multim\u00e9dia<\/strong><\/td>\n<\/tr>\n<tr>\n<td class=\"col-xs-3\">Haut-parleurs int\u00e9gr\u00e9s<\/td>\n<td>Oui<\/td>\n<\/tr>\n<tr>\n<td class=\"col-xs-3\"><\/td>\n<td><strong>Client l\u00e9ger<\/strong><\/td>\n<\/tr>\n<tr>\n<td class=\"col-xs-3\">Thin client<\/td>\n<td>Oui<\/td>\n<\/tr>\n<tr>\n<td class=\"col-xs-3\"><\/td>\n<td><strong>Contenu de l&#8217;emballage<\/strong><\/td>\n<\/tr>\n<tr>\n<td class=\"col-xs-3\">Accesoires inclus<\/td>\n<td>C\u00e2ble d&rsquo;alimentation, c\u00e2ble DVI, c\u00e2ble audio, manuel d&rsquo;utilisation sur CD (D, UK, F, ES, IT, RUS)<\/td>\n<\/tr>\n<\/tbody>\n<\/table>\n","protected":false},"excerpt":{"rendered":"<p><strong>Ecran 23.6&Prime; au design \u00e9l\u00e9gant avec son cadre de\u00a0<\/strong><strong>seulement 1,2 cm<\/strong><\/p>\n<p>La technologie MVA offre des contrastes \u00e9lev\u00e9s, une repr\u00e9sentation des couleurs optimis\u00e9e et un angle de vue particuli\u00e8rement large.<\/p>\n<p>Le r\u00e9tro\u00e9clairage LED (flicker-free) permet une utilisation \u00e0 la fois agr\u00e9able et \u00e9conomique. Avec une consommation de seulement 14 Watt, notre appareil r\u00e9pond aux exigences strictes de la classe \u00e9nerg\u00e9tique D.<\/p>\n<p>Avec ses ports HDMI et DVI, le TERRA LCD\/LED 2447W dispose des connectiques les plus r\u00e9cents pour une transmission du signal sans compromis. Les faiblesses du VGA appartiennent au pass\u00e9. Les haut-parleurs int\u00e9gr\u00e9s peuvent par ailleurs \u00eatre command\u00e9s num\u00e9riquement via HDMI; vous naurez plus besoin de c\u00e2ble audio suppl\u00e9mentaire !<\/p>\n<p>&nbsp;<\/p>\n<p>Positionnez parfaitement votre \u00e9cran \u00e0 un mur, \u00e0 un bureau ou au plafond \u00e0 l&rsquo;aide de la fixation VESA en option.<\/p>\n<p>C\u00e2bles audio et DVI fournis.<\/p>\n<p>Accessoires pour le montage arri\u00e8re des appareils TERRA :<br \/>\n\u2022 TERRA PC-Micro: Aucun autre accessoire requis<br \/>\n\u2022 TERRA PC-Mini V4 \/ V5: 1407073<br \/>\n\u2022 TERRA PC-Nettop 3540 Fanless: 1407091<\/p>\n","protected":false},"featured_media":389,"comment_status":"closed","ping_status":"closed","template":"","meta":{"spay_email":""},"product_cat":[37,40,38],"product_tag":[],"class_list":["post-387","product","type-product","status-publish","has-post-thumbnail","hentry","product_cat-ecrans-lcd","product_cat-ecran-23-6-ecrans-lcd","product_cat-ecrans-lcd-composants"],"_links":{"self":[{"href":"http:\/\/www.sablone.fr\/1\/wp-json\/wp\/v2\/product\/387","targetHints":{"allow":["GET"]}}],"collection":[{"href":"http:\/\/www.sablone.fr\/1\/wp-json\/wp\/v2\/product"}],"about":[{"href":"http:\/\/www.sablone.fr\/1\/wp-json\/wp\/v2\/types\/product"}],"replies":[{"embeddable":true,"href":"http:\/\/www.sablone.fr\/1\/wp-json\/wp\/v2\/comments?post=387"}],"wp:featuredmedia":[{"embeddable":true,"href":"http:\/\/www.sablone.fr\/1\/wp-json\/wp\/v2\/media\/389"}],"wp:attachment":[{"href":"http:\/\/www.sablone.fr\/1\/wp-json\/wp\/v2\/media?parent=387"}],"wp:term":[{"taxonomy":"product_cat","embeddable":true,"href":"http:\/\/www.sablone.fr\/1\/wp-json\/wp\/v2\/product_cat?post=387"},{"taxonomy":"product_tag","embeddable":true,"href":"http:\/\/www.sablone.fr\/1\/wp-json\/wp\/v2\/product_tag?post=387"}],"curies":[{"name":"wp","href":"https:\/\/api.w.org\/{rel}","templated":true}]}}